{"id":13,"date":"2015-08-03T14:51:38","date_gmt":"2015-08-03T13:51:38","guid":{"rendered":"http:\/\/www.juliebessard.com\/wp\/?page_id=13"},"modified":"2022-06-01T17:23:35","modified_gmt":"2022-06-01T16:23:35","slug":"parcours","status":"publish","type":"page","link":"https:\/\/juliebessard.com\/fr\/parcours\/","title":{"rendered":"Parcours"},"content":{"rendered":"\n<h1>Parcours<\/h1>\n<hr \/>\n<div class=\"su-accordion su-u-trim\">\n<div class=\"su-spoiler su-spoiler-style-default su-spoiler-icon-plus su-spoiler-closed\" data-scroll-offset=\"0\" data-anchor-in-url=\"no\"><div class=\"su-spoiler-title\" tabindex=\"0\" role=\"button\"><span class=\"su-spoiler-icon\"><\/span>Dipl\u00f4mes<\/div><div class=\"su-spoiler-content su-u-clearfix su-u-trim\">\n<ul>\n<li>2008, Agr\u00e9gation d\u2019arts plastiques<\/li>\n<li>1995, Dipl\u00f4me national sup\u00e9rieur d\u2019expression plastique<\/li>\n<\/ul>\n<\/div><\/div>\n<div class=\"su-spoiler su-spoiler-style-default su-spoiler-icon-plus su-spoiler-closed\" data-scroll-offset=\"0\" data-anchor-in-url=\"no\"><div class=\"su-spoiler-title\" tabindex=\"0\" role=\"button\"><span class=\"su-spoiler-icon\"><\/span>Expositions personnelles<\/div><div class=\"su-spoiler-content su-u-clearfix su-u-trim\">\n<ul>\n<li class=\"li1\"><span class=\"s1\">2019, Martinique, Fran\u00e7ois, Fondation Cl\u00e9ment ,\u00a0<i>La peinture en \u00e9clats<\/i><\/span><\/li>\n<li class=\"li2\"><span class=\"s2\">2018, Corse, Porto-Vecchio, Galerie Od\u2019\u00eele,\u00a0<i>\u00c9nergies<\/i><\/span><\/li>\n<li>2015, Martinique, Trois-Ilets, Galerie Tout koul\u00e8,\u00a0<em>Ombres et jubilations<\/em><\/li>\n<li>2013, Martinique, Trois-Ilets, Galerie Tout koul\u00e8, <em>Fonoirs<\/em><\/li>\n<li>2012, France, Aix en Provence, Fondation Saint-John Perse, <em>Oiseaux<\/em><\/li>\n<li>2009, Martinique, Fort-de-France, IRAVM, <em>Mues<\/em><\/li>\n<li>2008, France, Paris, Galerie de l\u2019universit\u00e9 Paris VIII, <em>Envol 2<\/em><\/li>\n<li>2007\/2008, France, Paris, mus\u00e9e Dapper, <em>Ombres port\u00e9es<\/em><\/li>\n<li>2007, Martinique, Le Fran\u00e7ois, Fondation Cl\u00e9ment, <em>L\u2019Envol<\/em><\/li>\n<li>2005, Martinique, Fort-de-France, CMAC sc\u00e8ne nationale, <em>Ombres port\u00e9es<\/em><\/li>\n<li>2002, France, Avignon,Les trois Pilats, <em>7 pi\u00e8ces<\/em><\/li>\n<li>2001, France, Elancourt, <em>Chim\u00e8res<\/em><\/li>\n<li>1995, Martinique, Fort-de-France, IRAVM, <em>5 ans et des poussi\u00e8res<\/em><\/li>\n<\/ul>\n<\/div><\/div>\n<div class=\"su-spoiler su-spoiler-style-default su-spoiler-icon-plus su-spoiler-closed\" data-scroll-offset=\"0\" data-anchor-in-url=\"no\"><div class=\"su-spoiler-title\" tabindex=\"0\" role=\"button\"><span class=\"su-spoiler-icon\"><\/span>Expositions collectives<\/div><div class=\"su-spoiler-content su-u-clearfix su-u-trim\">\n<ul>\n<li class=\"li1\"><span class=\"s1\">2022, Martinique, Tropiques Atrium, <em>Les risques de l\u2019Art<\/em><\/span><\/li>\n<li class=\"li1\"><span class=\"s1\">2022, France, Villa du Parc \u2013 Centre d\u2019art contemporain d\u2019Annemasse, <em>Dust specks on the sea<\/em><\/span><\/li>\n<li class=\"li1\"><span class=\"s1\">2021, Martinique, Fondation Cl\u00e9ment, <em>De feu et de pluie<\/em><\/span><\/li>\n<li class=\"li1\"><span class=\"s1\">2021, USA, San Francisco Art Institute (SFAI), <em>Dust specks on the sea<\/em><\/span><\/li>\n<li class=\"li1\"><span class=\"s1\">2021, USA, Albuquerque, 516 ARTS Contemporary arts museum, <em>Dust specks on the sea<\/em><\/span><\/li>\n<li class=\"li1\"><span class=\"s1\">2020, <\/span><span class=\"s1\">Martinique, Fort-de-France, Archives d\u00e9partementales, <i>Montage et assemblage<\/i><\/span><\/li>\n<li class=\"li1\"><span class=\"s1\">2020, USA, Miami, Little Ha\u00efti Cultural Center,\u00a0<i>Dust specks on the sea<\/i><\/span><\/li>\n<li class=\"li1\"><span class=\"s1\">2019, Martinique, Le Fran\u00e7ois, Fondation Cl\u00e9ment, <i>Pictural<\/i><\/span><\/li>\n<li class=\"li1\"><span class=\"s1\">2019, Martinique, Fort-de-France, Tropique Atrium,\u00a0<i>Cargo moun nou, P\u00e9yi nou<\/i><\/span><\/li>\n<li class=\"li1\"><span class=\"s1\">2019, Martinique, Fort-de-France, Galerie Odis\u20197,\u00a0<i>Fragmentation de l\u2019air<\/i><\/span><\/li>\n<li class=\"li1\"><span class=\"s1\">2019, Martinique, Fort-de-France, Galerie Colette Nimar,\u00a0<i>Recherche en Esth\u00e9tique<\/i><\/span><\/li>\n<li class=\"li1\"><span class=\"s1\">2018\/2019, USA, New-York, Hunter College East Harlem Galerie, <i>Dust specks on the sea<\/i><\/span><\/li>\n<li class=\"li1\"><span class=\"s1\">2018, Martinique, Fort-de-France, Tropiques Atrium,\u00a0<i>Surfaces int\u00e9rieures<\/i><\/span><\/li>\n<li class=\"li1\"><span class=\"s1\">2017, Martinique, Fort-de-France, IUFM,\u00a0<i>Exposition du CEREAP<\/i><\/span><\/li>\n<li class=\"li2\"><span class=\"s3\">2016, Martinique, Trois-Ilets, Galerie Tout Koul\u00e8,\u00a0<i>Unique<\/i><\/span><\/li>\n<li>Fonde et pr\u00e9side l\u2019association de plasticiens\u00a0\u00ab\u00a0Sans Titre\u00a0\u00bb de 1995 \u00e0 2005<\/li>\n<li>2013, Martinique, Fort-de-France, <em>Ces aires<\/em><\/li>\n<li>2013, Martinique, Fort-de-France, Espace d\u2019art contemporain 14\u00b0N\/61\u00b0W, <em>Am\u00e8ne ton dessin<\/em><\/li>\n<li>2012, Martinique, Marin, Galerie Odiss7, <em>Faire\/d\u00e9faire<\/em><\/li>\n<li>2010, Colombie, Bogota, <em>Biennale de Bogota<\/em><\/li>\n<li>2008, Martinique, Le Fran\u00e7ois, Fondation Cl\u00e9ment, <em>Atlantide<\/em><\/li>\n<li>2005, France, Paris , Minist\u00e8re de l\u2019Outre-mer, <em>M\u00e9moires<\/em><\/li>\n<li>2004, France m\u00e9tropolitaine, Paris, Galerie J.M. Arts, <em>Martinique nouvelle vague<\/em><\/li>\n<li>2001, Saint Domingue, Santo Domingo, <em>Biennale de dessin<\/em><\/li>\n<li>2000, Martinique, Saint-Pierre, Maison de la bourse, <em>Bonheur \u00e0 tous prix<\/em><\/li>\n<li>1998, Martinique, Fort-de-France, Sc\u00e8ne Nationale, <em>Recycl\u2019art<\/em><\/li>\n<li>1998, Martinique, Fort-de-France, I.U.F.M, <em>Sans Titre III<\/em><\/li>\n<li>1998, Martinique, Marin, <em>Entropile<\/em><\/li>\n<li>1997, Br\u00e9sil, Sao Paolo, <em>Sculpture Urbaine<\/em><\/li>\n<li>1996, Saint Domingue, Santo Domingo, <em>Biennale de peinture<\/em> (prix collectif de peinture)<\/li>\n<li>1996, Martinique, Fort-de-France, <em>Recyclage<\/em><\/li>\n<li>1995, France, Paris, Espace Reuilly, <em>IX<sup>e<\/sup> salon des peintres d\u2019outremer<\/em><\/li>\n<li>1995, Martinique, Lamentin, Biblioth\u00e8que municipale, <em>Autoportrait<\/em><\/li>\n<li>1995, Martinique, Lamentin, C.H.U la Meynard, <em>Sans Titre II<\/em><\/li>\n<li>1993, Martinique, Fort-de-France, Galerie Khoko, Autour de la Nef<\/li>\n<li>1993, Martinique, Centre Culturel de Fonds Saint-Jacques, <em>Sans Titre I<\/em><\/li>\n<li>1993, Martinique, Fort-de-France, Pavillon du Mus\u00e9e du Patrimoine, <em>Estampes<\/em><\/li>\n<li>1992, Martinique, Fort-de-France, Conseil g\u00e9n\u00e9ral, <em>\u00c9toiles de la peinture<\/em><\/li>\n<li>1992, Martinique, Habitation Cl\u00e9ment, <em>La gourmandise<\/em> (1<sup>er<\/sup> prix fondation LU)<\/li>\n<\/ul>\n<\/div><\/div>\n<div class=\"su-spoiler su-spoiler-style-default su-spoiler-icon-plus su-spoiler-closed\" data-scroll-offset=\"0\" data-anchor-in-url=\"no\"><div class=\"su-spoiler-title\" tabindex=\"0\" role=\"button\"><span class=\"su-spoiler-icon\"><\/span>R\u00e9sidences<\/div><div class=\"su-spoiler-content su-u-clearfix su-u-trim\">\n<ul>\n<li>2013, Martinique, Centre Culturel de Fonds Saint-Jacques, <em>Suspensions, espace du milieu<\/em><\/li>\n<li>2010, Martinique, Centre Culturel de Fonds Saint-Jacques, <em>Passages\u2026 un espace d\u00e9ploy\u00e9<\/em><\/li>\n<li>2000, Martinique, Habitation de l\u2019Anse C\u00e9ron, Association Sans Titre, <em>Bonheur \u00e0 tout prix<\/em><\/li>\n<\/ul>\n<\/div><\/div>\n<div class=\"su-spoiler su-spoiler-style-default su-spoiler-icon-plus su-spoiler-closed\" data-scroll-offset=\"0\" data-anchor-in-url=\"no\"><div class=\"su-spoiler-title\" tabindex=\"0\" role=\"button\"><span class=\"su-spoiler-icon\"><\/span>Conf\u00e9rences<\/div><div class=\"su-spoiler-content su-u-clearfix su-u-trim\">\n<ul>\n<li>2017, Martinique, Fondation Cl\u00e9ment,\u00a0<em>Abstraction le geste conscient<\/em><\/li>\n<\/ul>\n<\/div><\/div>\n<div class=\"su-spoiler su-spoiler-style-default su-spoiler-icon-plus su-spoiler-closed\" data-scroll-offset=\"0\" data-anchor-in-url=\"no\"><div class=\"su-spoiler-title\" tabindex=\"0\" role=\"button\"><span class=\"su-spoiler-icon\"><\/span>Enseignement<\/div><div class=\"su-spoiler-content su-u-clearfix su-u-trim\">\n<ul>\n<li>Depuis 2014, Inspectrice Acad\u00e9mique &amp; P\u00e9dagogique R\u00e9gionale pour les Arts Plastiques, Acad\u00e9mies de Martinique, Guadeloupe et Guyane.<\/li>\n<li>2011\/2013, enseigne la couleur et coordonne la recherche au d\u00e9partement des arts Visuels du Campus Carib\u00e9en des Arts de Fort-de-France<\/li>\n<li>2010\/2013, charg\u00e9e de cours de Master 1 en Histoire de l\u2019Art \u00e0 l\u2019universit\u00e9 Antilles Guyane<\/li>\n<li>1997\/2013, enseignante en Arts Plastiques au second degr\u00e9<\/li>\n<\/ul>\n<\/div><\/div>\n<div class=\"su-spoiler su-spoiler-style-default su-spoiler-icon-plus su-spoiler-closed\" data-scroll-offset=\"0\" data-anchor-in-url=\"no\"><div class=\"su-spoiler-title\" tabindex=\"0\" role=\"button\"><span class=\"su-spoiler-icon\"><\/span>Arts Appliqu\u00e9s<\/div><div class=\"su-spoiler-content su-u-clearfix su-u-trim\">\n<ul>\n<li>Mus\u00e9e d\u2019Arch\u00e9ologie de Fort-de-France, conception couleur de l\u2019espace mus\u00e9al, cr\u00e9ation d\u2019objets<\/li>\n<li>Conception de gamme de couleur pour l\u2019entreprise de peintures Siapoc, conception couleur architecturale priv\u00e9e<\/li>\n<li>Festival \u00ab&nbsp;Prix de court&nbsp;\u00bb, cr\u00e9ation de troph\u00e9e<\/li>\n<li>Compagnie de th\u00e9\u00e2tre et de danse, cr\u00e9ation de costumes et d\u2019accessoires pour Michelle C\u00e9saire, Ruddy Sylaire, Josiane Antourel, Lucette Salibur<\/li>\n<\/ul>\n<\/div><\/div>\n<\/div>\n<p><\/p>","protected":false},"excerpt":{"rendered":"","protected":false},"author":1,"featured_media":0,"parent":0,"menu_order":0,"comment_status":"closed","ping_status":"closed","template":"","meta":{"footnotes":""},"class_list":["post-13","page","type-page","status-publish","hentry"],"_links":{"self":[{"href":"https:\/\/juliebessard.com\/fr\/wp-json\/wp\/v2\/pages\/13","targetHints":{"allow":["GET"]}}],"collection":[{"href":"https:\/\/juliebessard.com\/fr\/wp-json\/wp\/v2\/pages"}],"about":[{"href":"https:\/\/juliebessard.com\/fr\/wp-json\/wp\/v2\/types\/page"}],"author":[{"embeddable":true,"href":"https:\/\/juliebessard.com\/fr\/wp-json\/wp\/v2\/users\/1"}],"replies":[{"embeddable":true,"href":"https:\/\/juliebessard.com\/fr\/wp-json\/wp\/v2\/comments?post=13"}],"version-history":[{"count":64,"href":"https:\/\/juliebessard.com\/fr\/wp-json\/wp\/v2\/pages\/13\/revisions"}],"predecessor-version":[{"id":736,"href":"https:\/\/juliebessard.com\/fr\/wp-json\/wp\/v2\/pages\/13\/revisions\/736"}],"wp:attachment":[{"href":"https:\/\/juliebessard.com\/fr\/wp-json\/wp\/v2\/media?parent=13"}],"curies":[{"name":"wp","href":"https:\/\/api.w.org\/{rel}","templated":true}]}}